{"id":17,"date":"2026-09-04T09:44:59","date_gmt":"2026-09-04T09:44:59","guid":{"rendered":"https:\/\/www.rotaryclubcambrai.fr\/?page_id=17"},"modified":"2026-09-04T10:04:19","modified_gmt":"2026-09-04T10:04:19","slug":"canal-seine-nord-europe","status":"publish","type":"page","link":"https:\/\/www.rotaryclubcambrai.fr\/index.php\/conferences\/canal-seine-nord-europe\/","title":{"rendered":"Canal Seine-Nord Europe"},"content":{"rendered":"<p>[et_pb_section fb_built=\u00a0\u00bb1&Prime; _builder_version=\u00a0\u00bb4.27.4&Prime; background_color=\u00a0\u00bb#17458F\u00a0\u00bb custom_padding=\u00a0\u00bb88px||80px||true|false\u00a0\u00bb]<br \/>\n[et_pb_row _builder_version=\u00a0\u00bb4.27.4&Prime; width=\u00a0\u00bb90%\u00a0\u00bb max_width=\u00a0\u00bb1080px\u00a0\u00bb]<br \/>\n[et_pb_column type=\u00a0\u00bb4_4&Prime; _builder_version=\u00a0\u00bb4.27.4&Prime;]<br \/>\n[et_pb_text _builder_version=\u00a0\u00bb4.27.4&Prime; text_text_color=\u00a0\u00bb#FFFFFF\u00a0\u00bb header_text_color=\u00a0\u00bb#FFFFFF\u00a0\u00bb header_1_text_color=\u00a0\u00bb#FFFFFF\u00a0\u00bb header_1_font=\u00a0\u00bbMontserrat|700|||||||\u00a0\u00bb header_1_font_size=\u00a0\u00bb52px\u00a0\u00bb header_1_line_height=\u00a0\u00bb1.1em\u00a0\u00bb text_font=\u00a0\u00bbArial||||||||\u00a0\u00bb text_font_size=\u00a0\u00bb19px\u00a0\u00bb text_line_height=\u00a0\u00bb1.7em\u00a0\u00bb]<\/p>\n<p style=\"font-weight:700;letter-spacing:.12em;text-transform:uppercase;color:#F7A81B;\">D\u00eener-conf\u00e9rence<\/p>\n<h1>Canal Seine-Nord Europe<\/h1>\n<p>Une soir\u00e9e pour comprendre les enjeux territoriaux, \u00e9conomiques et op\u00e9rationnels de ce grand projet.<\/p>\n<p>[\/et_pb_text]<br \/>\n[\/et_pb_column]<br \/>\n[\/et_pb_row]<br \/>\n[\/et_pb_section]<br \/>\n[et_pb_section fb_built=\u00a0\u00bb1&Prime; _builder_version=\u00a0\u00bb4.27.4&Prime; background_color=\u00a0\u00bb#FFFFFF\u00a0\u00bb custom_padding=\u00a0\u00bb68px||68px||true|false\u00a0\u00bb]<br \/>\n[et_pb_row _builder_version=\u00a0\u00bb4.27.4&Prime; width=\u00a0\u00bb90%\u00a0\u00bb max_width=\u00a0\u00bb1080px\u00a0\u00bb]<br \/>\n[et_pb_column type=\u00a0\u00bb1_3&Prime; _builder_version=\u00a0\u00bb4.27.4&Prime;]<br \/>\n[et_pb_text _builder_version=\u00a0\u00bb4.27.4&Prime; text_text_color=\u00a0\u00bb#1F2937&Prime; text_font=\u00a0\u00bbArial||||||||\u00a0\u00bb text_font_size=\u00a0\u00bb17px\u00a0\u00bb]<\/p>\n<div style=\"background:#F7A81B;padding:34px;text-align:center;\">\n<p style=\"font-size:58px;line-height:1;color:#17458F;font-weight:700;margin:0;\">10<\/p>\n<p style=\"color:#17458F;font-weight:700;text-transform:uppercase;\">septembre 2026<\/p>\n<p><strong>19 h 30<\/strong><\/p>\n<\/div>\n<p>[\/et_pb_text]<br \/>\n[\/et_pb_column]<br \/>\n[et_pb_column type=\u00a0\u00bb2_3&Prime; _builder_version=\u00a0\u00bb4.27.4&Prime;]<br \/>\n[et_pb_text _builder_version=\u00a0\u00bb4.27.4&Prime; text_text_color=\u00a0\u00bb#1F2937&Prime; header_2_text_color=\u00a0\u00bb#17458F\u00a0\u00bb header_2_font=\u00a0\u00bbMontserrat|700|||||||\u00a0\u00bb text_font=\u00a0\u00bbArial||||||||\u00a0\u00bb text_font_size=\u00a0\u00bb17px\u00a0\u00bb text_line_height=\u00a0\u00bb1.75em\u00a0\u00bb]<\/p>\n<h2>Jean-Yves Dareaud<\/h2>\n<p><strong>Directeur de Territoire Artois Cambr\u00e9sis<\/strong><\/p>\n<p>Le Rotary Club de Cambrai vous invite \u00e0 un d\u00eener-conf\u00e9rence consacr\u00e9 au Canal Seine-Nord Europe et \u00e0 ses implications pour le territoire.<\/p>\n<p><strong>Lieu :<\/strong> Salons Saint-Jacques, Neuville-Saint-R\u00e9my<br \/><strong>Participation :<\/strong> 35 \u20ac par personne<br \/><strong>R\u00e9servation :<\/strong> r\u00e9ponse souhait\u00e9e avant le 7 septembre 2026<\/p>\n<p>[\/et_pb_text]<br \/>\n[\/et_pb_column]<br \/>\n[\/et_pb_row]<br \/>\n[\/et_pb_section]<br \/>\n[et_pb_section fb_built=\u00a0\u00bb1&Prime; _builder_version=\u00a0\u00bb4.27.4&Prime; background_color=\u00a0\u00bb#F4F7FB\u00a0\u00bb custom_padding=\u00a0\u00bb68px||68px||true|false\u00a0\u00bb]<br \/>\n[et_pb_row _builder_version=\u00a0\u00bb4.27.4&Prime; width=\u00a0\u00bb90%\u00a0\u00bb max_width=\u00a0\u00bb1080px\u00a0\u00bb]<br \/>\n[et_pb_column type=\u00a0\u00bb1_3&Prime; _builder_version=\u00a0\u00bb4.27.4&Prime;][et_pb_text _builder_version=\u00a0\u00bb4.27.4&Prime; header_3_text_color=\u00a0\u00bb#17458F\u00a0\u00bb header_3_font=\u00a0\u00bbMontserrat|700|||||||\u00a0\u00bb text_font=\u00a0\u00bbArial||||||||\u00a0\u00bb text_font_size=\u00a0\u00bb16px\u00a0\u00bb]<\/p>\n<p style=\"font-size:40px;font-weight:700;color:#F7A81B;\">1<\/p>\n<h3>Accueil<\/h3>\n<p>Accueil des participants aux Salons Saint-Jacques.<\/p>\n<p>[\/et_pb_text][\/et_pb_column]<br \/>\n[et_pb_column type=\u00a0\u00bb1_3&Prime; _builder_version=\u00a0\u00bb4.27.4&Prime;][et_pb_text _builder_version=\u00a0\u00bb4.27.4&Prime; header_3_text_color=\u00a0\u00bb#17458F\u00a0\u00bb header_3_font=\u00a0\u00bbMontserrat|700|||||||\u00a0\u00bb text_font=\u00a0\u00bbArial||||||||\u00a0\u00bb text_font_size=\u00a0\u00bb16px\u00a0\u00bb]<\/p>\n<p style=\"font-size:40px;font-weight:700;color:#0067C8;\">2<\/p>\n<h3>D\u00eener-conf\u00e9rence<\/h3>\n<p>Pr\u00e9sentation du projet et de ses enjeux pour l\u2019Artois et le Cambr\u00e9sis.<\/p>\n<p>[\/et_pb_text][\/et_pb_column]<br \/>\n[et_pb_column type=\u00a0\u00bb1_3&Prime; _builder_version=\u00a0\u00bb4.27.4&Prime;][et_pb_text _builder_version=\u00a0\u00bb4.27.4&Prime; header_3_text_color=\u00a0\u00bb#17458F\u00a0\u00bb header_3_font=\u00a0\u00bbMontserrat|700|||||||\u00a0\u00bb text_font=\u00a0\u00bbArial||||||||\u00a0\u00bb text_font_size=\u00a0\u00bb16px\u00a0\u00bb]<\/p>\n<p style=\"font-size:40px;font-weight:700;color:#17458F;\">3<\/p>\n<h3>\u00c9changes<\/h3>\n<p>Dialogue avec l\u2019intervenant autour des questions du public.<\/p>\n<p>[\/et_pb_text][\/et_pb_column]<br \/>\n[\/et_pb_row]<br \/>\n[\/et_pb_section]<br \/>\n[et_pb_section fb_built=\u00a0\u00bb1&Prime; _builder_version=\u00a0\u00bb4.27.4&Prime; background_color=\u00a0\u00bb#17458F\u00a0\u00bb custom_padding=\u00a0\u00bb72px||72px||true|false\u00a0\u00bb]<br \/>\n[et_pb_row _builder_version=\u00a0\u00bb4.27.4&Prime; width=\u00a0\u00bb90%\u00a0\u00bb max_width=\u00a0\u00bb1080px\u00a0\u00bb]<br \/>\n[et_pb_column type=\u00a0\u00bb1_3&Prime; _builder_version=\u00a0\u00bb4.27.4&Prime;]<br \/>\n[et_pb_text _builder_version=\u00a0\u00bb4.27.4&Prime; text_text_color=\u00a0\u00bb#FFFFFF\u00a0\u00bb header_2_text_color=\u00a0\u00bb#FFFFFF\u00a0\u00bb header_2_font=\u00a0\u00bbMontserrat|700|||||||\u00a0\u00bb text_font=\u00a0\u00bbArial||||||||\u00a0\u00bb text_font_size=\u00a0\u00bb17px\u00a0\u00bb text_line_height=\u00a0\u00bb1.7em\u00a0\u00bb]<\/p>\n<h2 id=\"reservation\">R\u00e9server<\/h2>\n<p>Les places sont limit\u00e9es. S\u00e9lectionnez le nombre de participants : le montant indicatif correspondant est affich\u00e9 directement dans la liste.<\/p>\n<p>Les modalit\u00e9s d\u00e9finitives de paiement vous seront confirm\u00e9es par le club.<\/p>\n<p>[\/et_pb_text]<br \/>\n[\/et_pb_column]<br \/>\n[et_pb_column type=\u00a0\u00bb2_3&Prime; _builder_version=\u00a0\u00bb4.27.4&Prime;]<br \/>\n[et_pb_contact_form email=\u00a0\u00bbrotaryclubcambraisite@gmail.com\u00a0\u00bb success_message=\u00a0\u00bbMerci, votre demande de r\u00e9servation a bien \u00e9t\u00e9 transmise au Rotary Club de Cambrai.\u00a0\u00bb submit_button_text=\u00a0\u00bbEnvoyer la r\u00e9servation\u00a0\u00bb _builder_version=\u00a0\u00bb4.27.4&Prime; custom_button=\u00a0\u00bbon\u00a0\u00bb button_text_color=\u00a0\u00bb#17458F\u00a0\u00bb button_bg_color=\u00a0\u00bb#F7A81B\u00a0\u00bb button_border_width=\u00a0\u00bb0px\u00a0\u00bb button_border_radius=\u00a0\u00bb4px\u00a0\u00bb button_font=\u00a0\u00bbMontserrat|700|||||||\u00a0\u00bb]<br \/>\n[et_pb_contact_field field_id=\u00a0\u00bbNom\u00a0\u00bb field_title=\u00a0\u00bbNom et pr\u00e9nom\u00a0\u00bb field_type=\u00a0\u00bbinput\u00a0\u00bb fullwidth_field=\u00a0\u00bboff\u00a0\u00bb required_mark=\u00a0\u00bbon\u00a0\u00bb _builder_version=\u00a0\u00bb4.27.4&Prime; \/]<br \/>\n[et_pb_contact_field field_id=\u00a0\u00bbEmail\u00a0\u00bb field_title=\u00a0\u00bbAdresse e-mail\u00a0\u00bb field_type=\u00a0\u00bbemail\u00a0\u00bb fullwidth_field=\u00a0\u00bboff\u00a0\u00bb required_mark=\u00a0\u00bbon\u00a0\u00bb _builder_version=\u00a0\u00bb4.27.4&Prime; \/]<br \/>\n[et_pb_contact_field field_id=\u00a0\u00bbTelephone\u00a0\u00bb field_title=\u00a0\u00bbT\u00e9l\u00e9phone\u00a0\u00bb field_type=\u00a0\u00bbinput\u00a0\u00bb fullwidth_field=\u00a0\u00bboff\u00a0\u00bb required_mark=\u00a0\u00bbon\u00a0\u00bb _builder_version=\u00a0\u00bb4.27.4&Prime; \/]<br \/>\n[et_pb_contact_field field_id=\u00a0\u00bbPlaces\u00a0\u00bb field_title=\u00a0\u00bbNombre de places et montant indicatif\u00a0\u00bb field_type=\u00a0\u00bbselect\u00a0\u00bb select_options=\u00a0\u00bb%91{%22value%22:%221 place \u2014 35 \u20ac%22,%22checked%22:0,%22dragID%22:0},{%22value%22:%222 places \u2014 70 \u20ac%22,%22checked%22:0,%22dragID%22:1},{%22value%22:%223 places \u2014 105 \u20ac%22,%22checked%22:0,%22dragID%22:2},{%22value%22:%224 places \u2014 140 \u20ac%22,%22checked%22:0,%22dragID%22:3},{%22value%22:%225 places \u2014 175 \u20ac%22,%22checked%22:0,%22dragID%22:4},{%22value%22:%226 places ou plus \u2014 pr\u00e9cisez dans le message%22,%22checked%22:0,%22dragID%22:5}%93&Prime; fullwidth_field=\u00a0\u00bbon\u00a0\u00bb required_mark=\u00a0\u00bbon\u00a0\u00bb _builder_version=\u00a0\u00bb4.27.4&Prime; \/]<br \/>\n[et_pb_contact_field field_id=\u00a0\u00bbPaiement\u00a0\u00bb field_title=\u00a0\u00bbPr\u00e9f\u00e9rence de paiement\u00a0\u00bb field_type=\u00a0\u00bbselect\u00a0\u00bb select_options=\u00a0\u00bb%91{%22value%22:%22Virement bancaire%22,%22checked%22:0,%22dragID%22:0},{%22value%22:%22Paiement sur place%22,%22checked%22:0,%22dragID%22:1},{%22value%22:%22Je souhaite \u00eatre recontact\u00e9%22,%22checked%22:0,%22dragID%22:2}%93&Prime; fullwidth_field=\u00a0\u00bbon\u00a0\u00bb required_mark=\u00a0\u00bbon\u00a0\u00bb _builder_version=\u00a0\u00bb4.27.4&Prime; \/]<br \/>\n[et_pb_contact_field field_id=\u00a0\u00bbRegime\u00a0\u00bb field_title=\u00a0\u00bbR\u00e9gime alimentaire ou allergie\u00a0\u00bb field_type=\u00a0\u00bbinput\u00a0\u00bb fullwidth_field=\u00a0\u00bbon\u00a0\u00bb required_mark=\u00a0\u00bboff\u00a0\u00bb _builder_version=\u00a0\u00bb4.27.4&Prime; \/]<br \/>\n[et_pb_contact_field field_id=\u00a0\u00bbMessage\u00a0\u00bb field_title=\u00a0\u00bbMessage compl\u00e9mentaire\u00a0\u00bb field_type=\u00a0\u00bbtext\u00a0\u00bb fullwidth_field=\u00a0\u00bbon\u00a0\u00bb required_mark=\u00a0\u00bboff\u00a0\u00bb _builder_version=\u00a0\u00bb4.27.4&Prime; \/]<br \/>\n[et_pb_contact_field field_id=\u00a0\u00bbConsentement\u00a0\u00bb field_title=\u00a0\u00bbProtection des donn\u00e9es\u00a0\u00bb field_type=\u00a0\u00bbcheckbox\u00a0\u00bb checkbox_options=\u00a0\u00bb%91{%22value%22:%22J\u2019accepte que mes donn\u00e9es soient utilis\u00e9es pour traiter cette r\u00e9servation.%22,%22checked%22:0,%22dragID%22:0}%93&Prime; fullwidth_field=\u00a0\u00bbon\u00a0\u00bb required_mark=\u00a0\u00bbon\u00a0\u00bb _builder_version=\u00a0\u00bb4.27.4&Prime; \/]<br \/>\n[\/et_pb_contact_form]<br \/>\n[et_pb_text _builder_version=\u00a0\u00bb4.27.4&Prime; text_text_color=\u00a0\u00bb#FFFFFF\u00a0\u00bb text_font=\u00a0\u00bbArial||||||||\u00a0\u00bb text_font_size=\u00a0\u00bb13px\u00a0\u00bb]<\/p>\n<p>Les informations sont transmises \u00e0 <a style=\"color:#F7A81B;\" href=\"mailto:rotaryclubcambraisite@gmail.com\">rotaryclubcambraisite@gmail.com<\/a> et utilis\u00e9es uniquement pour organiser cette rencontre.<\/p>\n<p>[\/et_pb_text]<br \/>\n[\/et_pb_column]<br \/>\n[\/et_pb_row]<br \/>\n[\/et_pb_section]<br \/>\n[et_pb_code _builder_version=\u00a0\u00bb4.27.4&Prime;]<script type=\"application\/ld+json\">{\"@context\":\"https:\/\/schema.org\",\"@type\":\"Event\",\"name\":\"D\u00eener-conf\u00e9rence \u2013 Canal Seine-Nord Europe\",\"description\":\"D\u00eener-conf\u00e9rence du Rotary Club de Cambrai consacr\u00e9 au Canal Seine-Nord Europe avec Jean-Yves Dareaud.\",\"startDate\":\"2026-09-10T19:30:00+02:00\",\"eventAttendanceMode\":\"https:\/\/schema.org\/OfflineEventAttendanceMode\",\"eventStatus\":\"https:\/\/schema.org\/EventScheduled\",\"location\":{\"@type\":\"Place\",\"name\":\"Salons Saint-Jacques\",\"address\":{\"@type\":\"PostalAddress\",\"addressLocality\":\"Neuville-Saint-R\u00e9my\",\"addressRegion\":\"Hauts-de-France\",\"addressCountry\":\"FR\"}},\"offers\":{\"@type\":\"Offer\",\"url\":\"https:\/\/www.rotaryclubcambrai.fr\/index.php\/conferences\/canal-seine-nord-europe\/\",\"price\":\"35\",\"priceCurrency\":\"EUR\",\"availability\":\"https:\/\/schema.org\/LimitedAvailability\",\"validThrough\":\"2026-09-07T23:59:59+02:00\"},\"performer\":{\"@type\":\"Person\",\"name\":\"Jean-Yves Dareaud\",\"jobTitle\":\"Directeur de Territoire Artois Cambr\u00e9sis\"},\"organizer\":{\"@type\":\"Organization\",\"name\":\"Rotary Club de Cambrai\",\"url\":\"https:\/\/www.rotaryclubcambrai.fr\/\"}}<\/script>[\/et_pb_code]<\/p>\n","protected":false},"excerpt":{"rendered":"<p>R\u00e9servez le d\u00eener-conf\u00e9rence du 10 septembre 2026 consacr\u00e9 au Canal Seine-Nord Europe avec Jean-Yves Dareaud.<\/p>\n","protected":false},"author":1,"featured_media":0,"parent":7,"menu_order":0,"comment_status":"closed","ping_status":"closed","template":"","meta":{"_et_pb_use_builder":"on","_et_pb_old_content":"","_et_gb_content_width":"","footnotes":""},"class_list":["post-17","page","type-page","status-publish","hentry"],"yoast_head":"<!-- This site is optimized with the Yoast SEO plugin v28.4 - https:\/\/yoast.com\/product\/yoast-seo-wordpress\/ -->\n<title>Canal Seine-Nord Europe - WordPress<\/title>\n<meta name=\"robots\" content=\"index, follow, max-snippet:-1, max-image-preview:large, max-video-preview:-1\" \/>\n<link rel=\"canonical\" href=\"https:\/\/www.rotaryclubcambrai.fr\/index.php\/conferences\/canal-seine-nord-europe\/\" \/>\n<meta property=\"og:locale\" content=\"fr_FR\" \/>\n<meta property=\"og:type\" content=\"article\" \/>\n<meta property=\"og:title\" content=\"Canal Seine-Nord Europe - WordPress\" \/>\n<meta property=\"og:description\" content=\"R\u00e9servez le d\u00eener-conf\u00e9rence du 10 septembre 2026 consacr\u00e9 au Canal Seine-Nord Europe avec Jean-Yves Dareaud.\" \/>\n<meta property=\"og:url\" content=\"https:\/\/www.rotaryclubcambrai.fr\/index.php\/conferences\/canal-seine-nord-europe\/\" \/>\n<meta property=\"og:site_name\" content=\"WordPress\" \/>\n<meta property=\"article:modified_time\" content=\"2026-09-04T10:04:19+00:00\" \/>\n<meta name=\"twitter:card\" content=\"summary_large_image\" \/>\n<meta name=\"twitter:label1\" content=\"Dur\u00e9e de lecture estim\u00e9e\" \/>\n\t<meta name=\"twitter:data1\" content=\"4 minutes\" \/>\n<script type=\"application\/ld+json\" class=\"yoast-schema-graph\">{\"@context\":\"https:\\\/\\\/schema.org\",\"@graph\":[{\"@type\":\"WebPage\",\"@id\":\"https:\\\/\\\/www.rotaryclubcambrai.fr\\\/index.php\\\/conferences\\\/canal-seine-nord-europe\\\/\",\"url\":\"https:\\\/\\\/www.rotaryclubcambrai.fr\\\/index.php\\\/conferences\\\/canal-seine-nord-europe\\\/\",\"name\":\"Canal Seine-Nord Europe - WordPress\",\"isPartOf\":{\"@id\":\"https:\\\/\\\/www.rotaryclubcambrai.fr\\\/#website\"},\"datePublished\":\"2026-09-04T09:44:59+00:00\",\"dateModified\":\"2026-09-04T10:04:19+00:00\",\"breadcrumb\":{\"@id\":\"https:\\\/\\\/www.rotaryclubcambrai.fr\\\/index.php\\\/conferences\\\/canal-seine-nord-europe\\\/#breadcrumb\"},\"inLanguage\":\"fr-FR\",\"potentialAction\":[{\"@type\":\"ReadAction\",\"target\":[\"https:\\\/\\\/www.rotaryclubcambrai.fr\\\/index.php\\\/conferences\\\/canal-seine-nord-europe\\\/\"]}]},{\"@type\":\"BreadcrumbList\",\"@id\":\"https:\\\/\\\/www.rotaryclubcambrai.fr\\\/index.php\\\/conferences\\\/canal-seine-nord-europe\\\/#breadcrumb\",\"itemListElement\":[{\"@type\":\"ListItem\",\"position\":1,\"name\":\"Accueil\",\"item\":\"https:\\\/\\\/www.rotaryclubcambrai.fr\\\/\"},{\"@type\":\"ListItem\",\"position\":2,\"name\":\"Conf\u00e9rences\",\"item\":\"https:\\\/\\\/www.rotaryclubcambrai.fr\\\/index.php\\\/conferences\\\/\"},{\"@type\":\"ListItem\",\"position\":3,\"name\":\"Canal Seine-Nord Europe\"}]},{\"@type\":\"WebSite\",\"@id\":\"https:\\\/\\\/www.rotaryclubcambrai.fr\\\/#website\",\"url\":\"https:\\\/\\\/www.rotaryclubcambrai.fr\\\/\",\"name\":\"WordPress\",\"description\":\"\",\"potentialAction\":[{\"@type\":\"SearchAction\",\"target\":{\"@type\":\"EntryPoint\",\"urlTemplate\":\"https:\\\/\\\/www.rotaryclubcambrai.fr\\\/?s={search_term_string}\"},\"query-input\":{\"@type\":\"PropertyValueSpecification\",\"valueRequired\":true,\"valueName\":\"search_term_string\"}}],\"inLanguage\":\"fr-FR\"}]}<\/script>\n<!-- \/ Yoast SEO plugin. -->","yoast_head_json":{"title":"Canal Seine-Nord Europe - WordPress","robots":{"index":"index","follow":"follow","max-snippet":"max-snippet:-1","max-image-preview":"max-image-preview:large","max-video-preview":"max-video-preview:-1"},"canonical":"https:\/\/www.rotaryclubcambrai.fr\/index.php\/conferences\/canal-seine-nord-europe\/","og_locale":"fr_FR","og_type":"article","og_title":"Canal Seine-Nord Europe - WordPress","og_description":"R\u00e9servez le d\u00eener-conf\u00e9rence du 10 septembre 2026 consacr\u00e9 au Canal Seine-Nord Europe avec Jean-Yves Dareaud.","og_url":"https:\/\/www.rotaryclubcambrai.fr\/index.php\/conferences\/canal-seine-nord-europe\/","og_site_name":"WordPress","article_modified_time":"2026-09-04T10:04:19+00:00","twitter_card":"summary_large_image","twitter_misc":{"Dur\u00e9e de lecture estim\u00e9e":"4 minutes"},"schema":{"@context":"https:\/\/schema.org","@graph":[{"@type":"WebPage","@id":"https:\/\/www.rotaryclubcambrai.fr\/index.php\/conferences\/canal-seine-nord-europe\/","url":"https:\/\/www.rotaryclubcambrai.fr\/index.php\/conferences\/canal-seine-nord-europe\/","name":"Canal Seine-Nord Europe - WordPress","isPartOf":{"@id":"https:\/\/www.rotaryclubcambrai.fr\/#website"},"datePublished":"2026-09-04T09:44:59+00:00","dateModified":"2026-09-04T10:04:19+00:00","breadcrumb":{"@id":"https:\/\/www.rotaryclubcambrai.fr\/index.php\/conferences\/canal-seine-nord-europe\/#breadcrumb"},"inLanguage":"fr-FR","potentialAction":[{"@type":"ReadAction","target":["https:\/\/www.rotaryclubcambrai.fr\/index.php\/conferences\/canal-seine-nord-europe\/"]}]},{"@type":"BreadcrumbList","@id":"https:\/\/www.rotaryclubcambrai.fr\/index.php\/conferences\/canal-seine-nord-europe\/#breadcrumb","itemListElement":[{"@type":"ListItem","position":1,"name":"Accueil","item":"https:\/\/www.rotaryclubcambrai.fr\/"},{"@type":"ListItem","position":2,"name":"Conf\u00e9rences","item":"https:\/\/www.rotaryclubcambrai.fr\/index.php\/conferences\/"},{"@type":"ListItem","position":3,"name":"Canal Seine-Nord Europe"}]},{"@type":"WebSite","@id":"https:\/\/www.rotaryclubcambrai.fr\/#website","url":"https:\/\/www.rotaryclubcambrai.fr\/","name":"WordPress","description":"","potentialAction":[{"@type":"SearchAction","target":{"@type":"EntryPoint","urlTemplate":"https:\/\/www.rotaryclubcambrai.fr\/?s={search_term_string}"},"query-input":{"@type":"PropertyValueSpecification","valueRequired":true,"valueName":"search_term_string"}}],"inLanguage":"fr-FR"}]}},"jetpack_sharing_enabled":true,"_links":{"self":[{"href":"https:\/\/www.rotaryclubcambrai.fr\/index.php\/wp-json\/wp\/v2\/pages\/17","targetHints":{"allow":["GET"]}}],"collection":[{"href":"https:\/\/www.rotaryclubcambrai.fr\/index.php\/wp-json\/wp\/v2\/pages"}],"about":[{"href":"https:\/\/www.rotaryclubcambrai.fr\/index.php\/wp-json\/wp\/v2\/types\/page"}],"author":[{"embeddable":true,"href":"https:\/\/www.rotaryclubcambrai.fr\/index.php\/wp-json\/wp\/v2\/users\/1"}],"replies":[{"embeddable":true,"href":"https:\/\/www.rotaryclubcambrai.fr\/index.php\/wp-json\/wp\/v2\/comments?post=17"}],"version-history":[{"count":2,"href":"https:\/\/www.rotaryclubcambrai.fr\/index.php\/wp-json\/wp\/v2\/pages\/17\/revisions"}],"predecessor-version":[{"id":33,"href":"https:\/\/www.rotaryclubcambrai.fr\/index.php\/wp-json\/wp\/v2\/pages\/17\/revisions\/33"}],"up":[{"embeddable":true,"href":"https:\/\/www.rotaryclubcambrai.fr\/index.php\/wp-json\/wp\/v2\/pages\/7"}],"wp:attachment":[{"href":"https:\/\/www.rotaryclubcambrai.fr\/index.php\/wp-json\/wp\/v2\/media?parent=17"}],"curies":[{"name":"wp","href":"https:\/\/api.w.org\/{rel}","templated":true}]}}